{"id":106,"date":"2019-02-19T13:44:28","date_gmt":"2019-02-19T13:44:28","guid":{"rendered":"https:\/\/neu2019.strandhotelmoewe.de\/?page_id=106"},"modified":"2021-05-31T14:21:28","modified_gmt":"2021-05-31T14:21:28","slug":"preise","status":"publish","type":"page","link":"https:\/\/www.strandhotelmoewe.de\/pl\/preise","title":{"rendered":"Ceny"},"content":{"rendered":"<div class=\"wpb-content-wrapper\"><div class=\"vc_row wpb_row vc_row-fluid\"><div class=\"wpb_column vc_column_container vc_col-sm-12\"><div class=\"vc_column-inner\"><div class=\"wpb_wrapper\">\n\t<div class=\"wpb_text_column wpb_content_element\" >\n\t\t<div class=\"wpb_wrapper\">\n\t\t\t<div class=\"postmetadataheader\">\n<h1 class=\"postheader\" style=\"text-align: center;\">Ceny<\/h1>\n<\/div>\n\n\t\t<\/div>\n\t<\/div>\n<div class=\"vc_row wpb_row vc_inner vc_row-fluid\"><div class=\"wpb_column vc_column_container vc_col-sm-6\"><div class=\"vc_column-inner\"><div class=\"wpb_wrapper\">\n\t<div class=\"wpb_text_column wpb_content_element\" >\n\t\t<div class=\"wpb_wrapper\">\n\t\t\t<h3 class=\"postheader\" style=\"text-align: center;\">Sezon wczesny i p\u00f3\u017any<\/h3>\n\n\t\t<\/div>\n\t<\/div>\n\n\t<div class=\"wpb_text_column wpb_content_element\" >\n\t\t<div class=\"wpb_wrapper\">\n\t\t\t<table border=\"0\" width=\"100%\">\n<tbody>\n<tr>\n<td>\n<h5>05.01. &#8211; 30.04. \/ 02.11 &#8211; 23.12.<\/h5>\n<\/td>\n<td>\n<h5>Ceny<\/h5>\n<\/td>\n<\/tr>\n<tr>\n<td>Pok\u00f3j jednoosobowy<\/td>\n<td>od \u20ac100.00<\/td>\n<\/tr>\n<tr>\n<td>Pok\u00f3j dwuosobowy, wiejski dla 2 os\u00f3b bez balkonu lub tarasu<\/td>\n<td>od \u20ac115.00<\/td>\n<\/tr>\n<tr>\n<td>Pok\u00f3j dwuosobowy, od strony wsi dla 2 os\u00f3b z balkonem lub tarasem<\/td>\n<td>od 120,00 euro<\/td>\n<\/tr>\n<tr>\n<td>Pok\u00f3j dwuosobowy, od strony jeziora dla 2 os\u00f3b z balkonem lub tarasem<\/td>\n<td>od \u20ac150.00<\/td>\n<\/tr>\n<tr>\n<td>Pok\u00f3j dwuosobowy komfort od strony morza, pok\u00f3j od strony morza p.<\/td>\n<td>od \u20ac170.00<\/td>\n<\/tr>\n<\/tbody>\n<\/table>\n\n\t\t<\/div>\n\t<\/div>\n<\/div><\/div><\/div><div class=\"wpb_column vc_column_container vc_col-sm-6\"><div class=\"vc_column-inner\"><div class=\"wpb_wrapper\">\n\t<div class=\"wpb_text_column wpb_content_element\" >\n\t\t<div class=\"wpb_wrapper\">\n\t\t\t<h3 class=\"postheader\" style=\"text-align: center;\">Mid-season<\/h3>\n\n\t\t<\/div>\n\t<\/div>\n\n\t<div class=\"wpb_text_column wpb_content_element\" >\n\t\t<div class=\"wpb_wrapper\">\n\t\t\t<table width=\"100%\">\n<tbody>\n<tr>\n<td>\n<h5>01.05. &#8211; 15.06. \/ 16.09. &#8211; 01.11.<\/h5>\n<\/td>\n<td>\n<h5>Ceny<\/h5>\n<\/td>\n<\/tr>\n<tr>\n<td>Pok\u00f3j jednoosobowy<\/td>\n<td>od 110,00 euro<\/td>\n<\/tr>\n<tr>\n<td>Pok\u00f3j dwuosobowy, wiejski dla 2 os\u00f3b bez balkonu lub tarasu<\/td>\n<td>od 125,00 euro<\/td>\n<\/tr>\n<tr>\n<td>Pok\u00f3j dwuosobowy, od strony wsi dla 2 os\u00f3b z balkonem lub tarasem<\/td>\n<td>od 140,00 euro<\/td>\n<\/tr>\n<tr>\n<td>Pok\u00f3j dwuosobowy, od strony jeziora dla 2 os\u00f3b z balkonem lub tarasem<\/td>\n<td>od \u20ac180.00<\/td>\n<\/tr>\n<tr>\n<td>Pok\u00f3j dwuosobowy komfort od strony morza, pok\u00f3j od strony morza p.<\/td>\n<td>od \u20ac200.00<\/td>\n<\/tr>\n<\/tbody>\n<\/table>\n\n\t\t<\/div>\n\t<\/div>\n<\/div><\/div><\/div><\/div><div class=\"vc_row wpb_row vc_inner vc_row-fluid\"><div class=\"wpb_column vc_column_container vc_col-sm-6\"><div class=\"vc_column-inner\"><div class=\"wpb_wrapper\">\n\t<div class=\"wpb_text_column wpb_content_element\" >\n\t\t<div class=\"wpb_wrapper\">\n\t\t\t<h3 class=\"postheader\" style=\"text-align: center;\">Sezon wysoki<\/h3>\n\n\t\t<\/div>\n\t<\/div>\n\n\t<div class=\"wpb_text_column wpb_content_element\" >\n\t\t<div class=\"wpb_wrapper\">\n\t\t\t<table width=\"100%\">\n<tbody>\n<tr>\n<td>\n<h5>16.06. &#8211; 15.09. \/ 24.12 &#8211; 04.01.<\/h5>\n<p><strong>Wakacje<\/strong><\/td>\n<td>\n<h5>Ceny<\/h5>\n<\/td>\n<\/tr>\n<tr>\n<td>Pok\u00f3j jednoosobowy<\/td>\n<td>od \u20ac130.00<\/td>\n<\/tr>\n<tr>\n<td>Pok\u00f3j dwuosobowy, wiejski dla 2 os\u00f3b bez balkonu lub tarasu<\/td>\n<td>od 140,00 euro<\/td>\n<\/tr>\n<tr>\n<td>Pok\u00f3j dwuosobowy, od strony wsi dla 2 os\u00f3b z balkonem lub tarasem<\/td>\n<td>od \u20ac150.00<\/td>\n<\/tr>\n<tr>\n<td>Pok\u00f3j dwuosobowy, od strony jeziora dla 2 os\u00f3b z balkonem lub tarasem<\/td>\n<td>od \u20ac190.00<\/td>\n<\/tr>\n<tr>\n<td>Pok\u00f3j dwuosobowy komfort od strony morza, pok\u00f3j od strony morza p.<\/td>\n<td>od 220,00 euro<\/td>\n<\/tr>\n<\/tbody>\n<\/table>\n\n\t\t<\/div>\n\t<\/div>\n<\/div><\/div><\/div><div class=\"wpb_column vc_column_container vc_col-sm-6\"><div class=\"vc_column-inner\"><div class=\"wpb_wrapper\">\n\t<div class=\"wpb_text_column wpb_content_element\" >\n\t\t<div class=\"wpb_wrapper\">\n\t\t\t<h3 class=\"postheader\" style=\"text-align: center;\">Dodatkowe \u0142\u00f3\u017cko<\/h3>\n\n\t\t<\/div>\n\t<\/div>\n\n\t<div class=\"wpb_text_column wpb_content_element\" >\n\t\t<div class=\"wpb_wrapper\">\n\t\t\t<table style=\"height: 148px; width: 100%;\" width=\"100%\">\n<tbody>\n<tr style=\"height: 60px;\">\n<td style=\"height: 60px;\">\n<h5>Dodatkowe \u0142\u00f3\u017cka \/ zni\u017cka dla dzieci dla dw\u00f3ch pe\u0142nop\u0142atnych os\u00f3b \/ za dzie\u0144<\/h5>\n<\/td>\n<td style=\"height: 60px;\">\n<h5>Ceny<\/h5>\n<\/td>\n<\/tr>\n<tr style=\"height: 22px;\">\n<td style=\"height: 22px;\">do 5 lat<\/td>\n<td style=\"height: 22px;\">bezp\u0142atnie<\/td>\n<\/tr>\n<tr style=\"height: 22px;\">\n<td style=\"height: 22px;\">od 6 do 12 lat<\/td>\n<td style=\"height: 22px;\">25,00 \u20ac<\/td>\n<\/tr>\n<tr style=\"height: 22px;\">\n<td style=\"height: 22px;\">od 13 do 18 lat<\/td>\n<td style=\"height: 22px;\">35,00 \u20ac<\/td>\n<\/tr>\n<tr style=\"height: 22px;\">\n<td style=\"height: 22px;\">od 19 roku \u017cycia do<\/td>\n<td style=\"height: 22px;\">45,00\u00a0\u20ac<\/td>\n<\/tr>\n<\/tbody>\n<\/table>\n\n\t\t<\/div>\n\t<\/div>\n\n\t<div class=\"wpb_text_column wpb_content_element\" >\n\t\t<div class=\"wpb_wrapper\">\n\t\t\t<h3 class=\"postheader\" style=\"text-align: center;\">Inne<\/h3>\n\n\t\t<\/div>\n\t<\/div>\n\n\t<div class=\"wpb_text_column wpb_content_element\" >\n\t\t<div class=\"wpb_wrapper\">\n\t\t\t<table width=\"100%\">\n<tbody>\n<tr>\n<td>\n<h5>Inne<\/h5>\n<\/td>\n<td>\n<h5>Cena<\/h5>\n<\/td>\n<\/tr>\n<tr>\n<td>Psy s\u0105 dozwolone na jeden dzie\u0144 (bez wy\u017cywienia)<\/td>\n<td>10,00 \u20ac<\/td>\n<\/tr>\n<tr>\n<td>Miejsce parkingowe za dzie\u0144<\/td>\n<td>10,00 \u20ac<\/td>\n<\/tr>\n<\/tbody>\n<\/table>\n\n\t\t<\/div>\n\t<\/div>\n<\/div><\/div><\/div><\/div>\n\t<div class=\"wpb_text_column wpb_content_element\" >\n\t\t<div class=\"wpb_wrapper\">\n\t\t\t<p><em>Wszystkie ceny zawieraj\u0105 \u015bniadanie w formie bufetu, serwis i podatek VAT.<br \/>\nOp\u0142ata klimatyczna pobierana jest na miejscu, bezpo\u015brednio w hotelu.<\/em><\/p>\n\n\t\t<\/div>\n\t<\/div>\n<\/div><\/div><\/div><\/div>\n<\/div>","protected":false},"excerpt":{"rendered":"<p>Preise Vor- und Nachsaison 05.01. &#8211; 30.04. \/ 02.11 &#8211; 23.12. Preise Einzelzimmer ab 100,00 \u20ac Doppelzimmer, Landseite f\u00fcr 2 Personen ohne Balkon od. Terrasse ab 115,00 \u20ac Doppelzimmer, Landseite f\u00fcr 2 Personen mit Balkon od. Terrasse ab 120,00 \u20ac Doppelzimmer, Seeseite f\u00fcr 2 Personen mit Balkon od. Terrasse ab 150,00 \u20ac Komfort Doppelzimmer zur&hellip;<\/p>","protected":false},"author":1,"featured_media":0,"parent":0,"menu_order":0,"comment_status":"closed","ping_status":"closed","template":"","meta":{"footnotes":""},"class_list":["post-106","page","type-page","status-publish","hentry","description-off"],"_links":{"self":[{"href":"https:\/\/www.strandhotelmoewe.de\/pl\/wp-json\/wp\/v2\/pages\/106","targetHints":{"allow":["GET"]}}],"collection":[{"href":"https:\/\/www.strandhotelmoewe.de\/pl\/wp-json\/wp\/v2\/pages"}],"about":[{"href":"https:\/\/www.strandhotelmoewe.de\/pl\/wp-json\/wp\/v2\/types\/page"}],"author":[{"embeddable":true,"href":"https:\/\/www.strandhotelmoewe.de\/pl\/wp-json\/wp\/v2\/users\/1"}],"replies":[{"embeddable":true,"href":"https:\/\/www.strandhotelmoewe.de\/pl\/wp-json\/wp\/v2\/comments?post=106"}],"version-history":[{"count":0,"href":"https:\/\/www.strandhotelmoewe.de\/pl\/wp-json\/wp\/v2\/pages\/106\/revisions"}],"wp:attachment":[{"href":"https:\/\/www.strandhotelmoewe.de\/pl\/wp-json\/wp\/v2\/media?parent=106"}],"curies":[{"name":"wp","href":"https:\/\/api.w.org\/{rel}","templated":true}]}}