{"id":57,"date":"2019-02-19T12:47:15","date_gmt":"2019-02-19T12:47:15","guid":{"rendered":"https:\/\/neu2019.strandhotelmoewe.de\/?page_id=57"},"modified":"2021-06-17T14:25:48","modified_gmt":"2021-06-17T14:25:48","slug":"das_hotel","status":"publish","type":"page","link":"https:\/\/www.strandhotelmoewe.de\/pl\/das_hotel","title":{"rendered":"Hotel"},"content":{"rendered":"<div class=\"wpb-content-wrapper\"><div class=\"vc_row wpb_row vc_row-fluid\"><div class=\"wpb_column vc_column_container vc_col-sm-12\"><div class=\"vc_column-inner\"><div class=\"wpb_wrapper\">\n\t<div class=\"wpb_text_column wpb_content_element\" >\n\t\t<div class=\"wpb_wrapper\">\n\t\t\t<div class=\"postmetadataheader\">\n<h1 class=\"postheader\" style=\"text-align: center;\">Hotel<\/h1>\n<\/div>\n\n\t\t<\/div>\n\t<\/div>\n<div class=\"vc_row wpb_row vc_inner vc_row-fluid\"><div class=\"wpb_column vc_column_container vc_col-sm-6\"><div class=\"vc_column-inner\"><div class=\"wpb_wrapper\">\n\t<div class=\"wpb_text_column wpb_content_element\" >\n\t\t<div class=\"wpb_wrapper\">\n\t\t\t<p style=\"text-align: justify;\">Nasz przytulny dom znajduje si\u0119 oko\u0142o 20 metr\u00f3w od pi\u0119knej pla\u017cy. Jest to tylko kilka minut spacerem do molo Seebad Bansin i do centrum miejscowo\u015bci. Uroczo odrestaurowany budynek willi, w kt\u00f3rym panuje rodzinna atmosfera, zosta\u0142 otwarty w 1997 roku jako komfortowy hotel Garni.<br \/>\nW hotelu znajduje si\u0119 recepcja, jadalnia z bogatym, codziennym, \u015bwie\u017cym bufetem \u015bniadaniowym, a tak\u017ce strefa wellness z saun\u0105.<\/p>\n\n\t\t<\/div>\n\t<\/div>\n<div class=\"vc_btn3-container vc_btn3-center\" ><a class=\"vc_general vc_btn3 vc_btn3-size-lg vc_btn3-shape-square vc_btn3-style-modern vc_btn3-icon-left vc_btn3-color-juicy-pink\" href=\"https:\/\/onepagebooking.com\/hotelmoewe\" title=\"\"><i class=\"vc_btn3-icon fa fa-calendar\"><\/i> Zarezerwuj wakacje...<\/a><\/div><div class=\"vc_empty_space\"   style=\"height: 32px\"><span class=\"vc_empty_space_inner\"><\/span><\/div><div class=\"vc_btn3-container vc_btn3-center\" ><a class=\"vc_general vc_btn3 vc_btn3-size-lg vc_btn3-shape-square vc_btn3-style-modern vc_btn3-icon-left vc_btn3-color-juicy-pink\" href=\"https:\/\/www.strandhotelmoewe.de\/pl\/preise\/\" title=\"\"><i class=\"vc_btn3-icon fa fa-money\"><\/i> Tutaj mo\u017cna znale\u017a\u0107 nasze ceny<\/a><\/div><\/div><\/div><\/div><div class=\"wpb_column vc_column_container vc_col-sm-6\"><div class=\"vc_column-inner\"><div class=\"wpb_wrapper\">\n<div class=\"vc_grid-container-wrapper vc_clearfix vc_grid-animation-fadeIn\">\n\t<div class=\"vc_grid-container vc_clearfix wpb_content_element vc_media_grid\" data-initial-loading-animation=\"fadeIn\" data-vc-grid-settings=\"{&quot;page_id&quot;:57,&quot;style&quot;:&quot;all&quot;,&quot;action&quot;:&quot;vc_get_vc_grid_data&quot;,&quot;shortcode_id&quot;:&quot;1623939878657-b08a043a-1772-1&quot;,&quot;tag&quot;:&quot;vc_media_grid&quot;}\" data-vc-request=\"https:\/\/www.strandhotelmoewe.de\/wp-admin\/admin-ajax.php\" data-vc-post-id=\"57\" data-vc-public-nonce=\"f364994cda\">\n\t\t\n\t<\/div>\n<\/div><\/div><\/div><\/div><\/div><\/div><\/div><\/div><\/div><div id=\"zimmer\" class=\"vc_row wpb_row vc_row-fluid\"><div class=\"wpb_column vc_column_container vc_col-sm-12\"><div class=\"vc_column-inner\"><div class=\"wpb_wrapper\"><div class=\"vc_icon_element vc_icon_element-outer vc_custom_1550580975465 vc_do_icon vc_icon_element-align-center\"><div class=\"vc_icon_element-inner vc_icon_element-color-custom vc_icon_element-size-md vc_icon_element-style- vc_icon_element-background-color-grey\" ><span class=\"vc_icon_element-icon fa fa-bed\" style=\"color:#ff2c21 !important\"><\/span><\/div><\/div>\n\t<div class=\"wpb_text_column wpb_content_element  vc_custom_1550580957566\" >\n\t\t<div class=\"wpb_wrapper\">\n\t\t\t<div class=\"postmetadataheader\">\n<h2 class=\"postheader\" style=\"text-align: center;\">Nasze pokoje<\/h2>\n<\/div>\n\n\t\t<\/div>\n\t<\/div>\n<div class=\"vc_row wpb_row vc_inner vc_row-fluid\"><div class=\"wpb_column vc_column_container vc_col-sm-12\"><div class=\"vc_column-inner\"><div class=\"wpb_wrapper\">\n\t<div class=\"wpb_text_column wpb_content_element\" >\n\t\t<div class=\"wpb_wrapper\">\n\t\t\t<p style=\"text-align: justify;\">Nasze gustownie urz\u0105dzone pokoje w stylu wiejskim posiadaj\u0105 prysznic, WC, suszark\u0119 do w\u0142os\u00f3w, lusterko do makija\u017cu, telefon, telewizj\u0119 satelitarn\u0105, minibar i cz\u0119\u015bciowo k\u0105cik wypoczynkowy, cz\u0119\u015bciowo sejf, umeblowany balkon lub taras.<\/p>\n<p style=\"text-align: justify;\">Dla wszystkich naszych go\u015bci dost\u0119pny jest bezp\u0142atnie hot spot WLAN.<\/p>\n\n\t\t<\/div>\n\t<\/div>\n<\/div><\/div><\/div><\/div><div class=\"vc_empty_space\"   style=\"height: 32px\"><span class=\"vc_empty_space_inner\"><\/span><\/div><div class=\"vc_row wpb_row vc_inner vc_row-fluid\"><div class=\"wpb_column vc_column_container vc_col-sm-6\"><div class=\"vc_column-inner\"><div class=\"wpb_wrapper\">\n\t<div class=\"wpb_text_column wpb_content_element  vc_custom_1554299952185\" >\n\t\t<div class=\"wpb_wrapper\">\n\t\t\t<div class=\"postmetadataheader\">\n<h2 class=\"postheader\" style=\"text-align: center;\">Pok\u00f3j dwuosobowy komfortowy od strony morza<\/h2>\n<h3 class=\"postheader\" style=\"text-align: center;\">z balkonem lub tarasem<\/h3>\n<h3 class=\"postheader\" style=\"text-align: center;\">ok. 35 m2<\/h3>\n<\/div>\n\n\t\t<\/div>\n\t<\/div>\n\n<div class=\"vc_grid-container-wrapper vc_clearfix vc_grid-animation-zoomIn\">\n\t<div class=\"vc_grid-container vc_clearfix wpb_content_element vc_masonry_media_grid\" data-initial-loading-animation=\"zoomIn\" data-vc-grid-settings=\"{&quot;page_id&quot;:57,&quot;style&quot;:&quot;all-masonry&quot;,&quot;action&quot;:&quot;vc_get_vc_grid_data&quot;,&quot;shortcode_id&quot;:&quot;1623939878660-704a0c48-59aa-0&quot;,&quot;tag&quot;:&quot;vc_masonry_media_grid&quot;}\" data-vc-request=\"https:\/\/www.strandhotelmoewe.de\/wp-admin\/admin-ajax.php\" data-vc-post-id=\"57\" data-vc-public-nonce=\"f364994cda\">\n\t\t\n\t<\/div>\n<\/div><div class=\"vc_separator wpb_content_element vc_separator_align_center vc_sep_width_80 vc_sep_pos_align_center vc_separator_no_text vc_custom_1554296094961 wpb_content_element  vc_custom_1554296094961 wpb_content_element\" ><span class=\"vc_sep_holder vc_sep_holder_l\"><span style=\"border-color:#ff2c21;\" class=\"vc_sep_line\"><\/span><\/span><span class=\"vc_sep_holder vc_sep_holder_r\"><span style=\"border-color:#ff2c21;\" class=\"vc_sep_line\"><\/span><\/span>\n<\/div><div class=\"vc_empty_space\"   style=\"height: 32px\"><span class=\"vc_empty_space_inner\"><\/span><\/div><\/div><\/div><\/div><div class=\"wpb_column vc_column_container vc_col-sm-6\"><div class=\"vc_column-inner\"><div class=\"wpb_wrapper\">\n\t<div class=\"wpb_text_column wpb_content_element  vc_custom_1554299959019\" >\n\t\t<div class=\"wpb_wrapper\">\n\t\t\t<div class=\"postmetadataheader\">\n<h2 class=\"postheader\" style=\"text-align: center;\">Pok\u00f3j dwuosobowy od strony morza<\/h2>\n<h3 class=\"postheader\" style=\"text-align: center;\">z balkonem lub tarasem<\/h3>\n<h3 class=\"postheader\" style=\"text-align: center;\">ok. 25 m2<\/h3>\n<\/div>\n\n\t\t<\/div>\n\t<\/div>\n\n<div class=\"vc_grid-container-wrapper vc_clearfix vc_grid-animation-zoomIn\">\n\t<div class=\"vc_grid-container vc_clearfix wpb_content_element vc_masonry_media_grid\" data-initial-loading-animation=\"zoomIn\" data-vc-grid-settings=\"{&quot;page_id&quot;:57,&quot;style&quot;:&quot;all-masonry&quot;,&quot;action&quot;:&quot;vc_get_vc_grid_data&quot;,&quot;shortcode_id&quot;:&quot;1623939878660-092cba9c-4b99-3&quot;,&quot;tag&quot;:&quot;vc_masonry_media_grid&quot;}\" data-vc-request=\"https:\/\/www.strandhotelmoewe.de\/wp-admin\/admin-ajax.php\" data-vc-post-id=\"57\" data-vc-public-nonce=\"f364994cda\">\n\t\t\n\t<\/div>\n<\/div><div class=\"vc_separator wpb_content_element vc_separator_align_center vc_sep_width_80 vc_sep_pos_align_center vc_separator_no_text vc_custom_1554296094961 wpb_content_element  vc_custom_1554296094961 wpb_content_element\" ><span class=\"vc_sep_holder vc_sep_holder_l\"><span style=\"border-color:#ff2c21;\" class=\"vc_sep_line\"><\/span><\/span><span class=\"vc_sep_holder vc_sep_holder_r\"><span style=\"border-color:#ff2c21;\" class=\"vc_sep_line\"><\/span><\/span>\n<\/div><div class=\"vc_empty_space\"   style=\"height: 32px\"><span class=\"vc_empty_space_inner\"><\/span><\/div><\/div><\/div><\/div><\/div><div class=\"vc_row wpb_row vc_inner vc_row-fluid\"><div class=\"wpb_column vc_column_container vc_col-sm-3\"><div class=\"vc_column-inner\"><div class=\"wpb_wrapper\"><\/div><\/div><\/div><div class=\"wpb_column vc_column_container vc_col-sm-6\"><div class=\"vc_column-inner\"><div class=\"wpb_wrapper\">\n\t<div class=\"wpb_text_column wpb_content_element  vc_custom_1554299959019\" >\n\t\t<div class=\"wpb_wrapper\">\n\t\t\t<div class=\"postmetadataheader\">\n<h2 class=\"postheader\" style=\"text-align: center;\">Pok\u00f3j dwuosobowy od strony morza<\/h2>\n<h3 class=\"postheader\" style=\"text-align: center;\">z balkonem lub tarasem<\/h3>\n<h3 class=\"postheader\" style=\"text-align: center;\">ok. 25 m2<\/h3>\n<\/div>\n\n\t\t<\/div>\n\t<\/div>\n\n<div class=\"vc_grid-container-wrapper vc_clearfix vc_grid-animation-zoomIn\">\n\t<div class=\"vc_grid-container vc_clearfix wpb_content_element vc_masonry_media_grid\" data-initial-loading-animation=\"zoomIn\" data-vc-grid-settings=\"{&quot;page_id&quot;:57,&quot;style&quot;:&quot;all-masonry&quot;,&quot;action&quot;:&quot;vc_get_vc_grid_data&quot;,&quot;shortcode_id&quot;:&quot;1623939878661-ca29ad46-cfb9-4&quot;,&quot;tag&quot;:&quot;vc_masonry_media_grid&quot;}\" data-vc-request=\"https:\/\/www.strandhotelmoewe.de\/wp-admin\/admin-ajax.php\" data-vc-post-id=\"57\" data-vc-public-nonce=\"f364994cda\">\n\t\t\n\t<\/div>\n<\/div><div class=\"vc_separator wpb_content_element vc_separator_align_center vc_sep_width_80 vc_sep_pos_align_center vc_separator_no_text vc_custom_1554296094961 wpb_content_element  vc_custom_1554296094961 wpb_content_element\" ><span class=\"vc_sep_holder vc_sep_holder_l\"><span style=\"border-color:#ff2c21;\" class=\"vc_sep_line\"><\/span><\/span><span class=\"vc_sep_holder vc_sep_holder_r\"><span style=\"border-color:#ff2c21;\" class=\"vc_sep_line\"><\/span><\/span>\n<\/div><div class=\"vc_empty_space\"   style=\"height: 32px\"><span class=\"vc_empty_space_inner\"><\/span><\/div><\/div><\/div><\/div><div class=\"wpb_column vc_column_container vc_col-sm-3\"><div class=\"vc_column-inner\"><div class=\"wpb_wrapper\"><\/div><\/div><\/div><\/div><div class=\"vc_row wpb_row vc_inner vc_row-fluid\"><div class=\"wpb_column vc_column_container vc_col-sm-6\"><div class=\"vc_column-inner\"><div class=\"wpb_wrapper\">\n\t<div class=\"wpb_text_column wpb_content_element  vc_custom_1554299968015\" >\n\t\t<div class=\"wpb_wrapper\">\n\t\t\t<div class=\"postmetadataheader\">\n<h2 class=\"postheader\" style=\"text-align: center;\">Pok\u00f3j dwuosobowy od strony l\u0105du<\/h2>\n<h3 class=\"postheader\" style=\"text-align: center;\">z balkonem lub tarasem<\/h3>\n<h3 class=\"postheader\" style=\"text-align: center;\">ok. 20 m2<\/h3>\n<\/div>\n\n\t\t<\/div>\n\t<\/div>\n\n<div class=\"vc_grid-container-wrapper vc_clearfix vc_grid-animation-zoomIn\">\n\t<div class=\"vc_grid-container vc_clearfix wpb_content_element vc_masonry_media_grid\" data-initial-loading-animation=\"zoomIn\" data-vc-grid-settings=\"{&quot;page_id&quot;:57,&quot;style&quot;:&quot;all-masonry&quot;,&quot;action&quot;:&quot;vc_get_vc_grid_data&quot;,&quot;shortcode_id&quot;:&quot;1623939878662-74c6058d-c1f9-6&quot;,&quot;tag&quot;:&quot;vc_masonry_media_grid&quot;}\" data-vc-request=\"https:\/\/www.strandhotelmoewe.de\/wp-admin\/admin-ajax.php\" data-vc-post-id=\"57\" data-vc-public-nonce=\"f364994cda\">\n\t\t\n\t<\/div>\n<\/div><div class=\"vc_separator wpb_content_element vc_separator_align_center vc_sep_width_80 vc_sep_pos_align_center vc_separator_no_text vc_custom_1554296094961 wpb_content_element  vc_custom_1554296094961 wpb_content_element\" ><span class=\"vc_sep_holder vc_sep_holder_l\"><span style=\"border-color:#ff2c21;\" class=\"vc_sep_line\"><\/span><\/span><span class=\"vc_sep_holder vc_sep_holder_r\"><span style=\"border-color:#ff2c21;\" class=\"vc_sep_line\"><\/span><\/span>\n<\/div><div class=\"vc_empty_space\"   style=\"height: 32px\"><span class=\"vc_empty_space_inner\"><\/span><\/div><\/div><\/div><\/div><div class=\"wpb_column vc_column_container vc_col-sm-6\"><div class=\"vc_column-inner\"><div class=\"wpb_wrapper\">\n\t<div class=\"wpb_text_column wpb_content_element  vc_custom_1554299974685\" >\n\t\t<div class=\"wpb_wrapper\">\n\t\t\t<div class=\"postmetadataheader\">\n<h2 class=\"postheader\" style=\"text-align: center;\">Pok\u00f3j dwuosobowy od strony l\u0105du<\/h2>\n<h3 class=\"postheader\" style=\"text-align: center;\">z balkonem lub tarasem<\/h3>\n<h3 class=\"postheader\" style=\"text-align: center;\">ok. 20 m2<\/h3>\n<\/div>\n\n\t\t<\/div>\n\t<\/div>\n\n<div class=\"vc_grid-container-wrapper vc_clearfix vc_grid-animation-zoomIn\">\n\t<div class=\"vc_grid-container vc_clearfix wpb_content_element vc_masonry_media_grid\" data-initial-loading-animation=\"zoomIn\" data-vc-grid-settings=\"{&quot;page_id&quot;:57,&quot;style&quot;:&quot;all-masonry&quot;,&quot;action&quot;:&quot;vc_get_vc_grid_data&quot;,&quot;shortcode_id&quot;:&quot;1623939878663-b448ea75-8420-4&quot;,&quot;tag&quot;:&quot;vc_masonry_media_grid&quot;}\" data-vc-request=\"https:\/\/www.strandhotelmoewe.de\/wp-admin\/admin-ajax.php\" data-vc-post-id=\"57\" data-vc-public-nonce=\"f364994cda\">\n\t\t\n\t<\/div>\n<\/div><div class=\"vc_separator wpb_content_element vc_separator_align_center vc_sep_width_80 vc_sep_pos_align_center vc_separator_no_text vc_custom_1554296094961 wpb_content_element  vc_custom_1554296094961 wpb_content_element\" ><span class=\"vc_sep_holder vc_sep_holder_l\"><span style=\"border-color:#ff2c21;\" class=\"vc_sep_line\"><\/span><\/span><span class=\"vc_sep_holder vc_sep_holder_r\"><span style=\"border-color:#ff2c21;\" class=\"vc_sep_line\"><\/span><\/span>\n<\/div><div class=\"vc_empty_space\"   style=\"height: 32px\"><span class=\"vc_empty_space_inner\"><\/span><\/div><\/div><\/div><\/div><\/div><div class=\"vc_row wpb_row vc_inner vc_row-fluid\"><div class=\"wpb_column vc_column_container vc_col-sm-6\"><div class=\"vc_column-inner\"><div class=\"wpb_wrapper\">\n\t<div class=\"wpb_text_column wpb_content_element  vc_custom_1554299982517\" >\n\t\t<div class=\"wpb_wrapper\">\n\t\t\t<div class=\"postmetadataheader\">\n<h2 class=\"postheader\" style=\"text-align: center;\">Pok\u00f3j dwuosobowy od strony l\u0105du<\/h2>\n<h3 class=\"postheader\" style=\"text-align: center;\">bez balkonu lub tarasu<\/h3>\n<h3 class=\"postheader\" style=\"text-align: center;\">ok. 15 m2<\/h3>\n<\/div>\n\n\t\t<\/div>\n\t<\/div>\n\n<div class=\"vc_grid-container-wrapper vc_clearfix vc_grid-animation-zoomIn\">\n\t<div class=\"vc_grid-container vc_clearfix wpb_content_element vc_masonry_media_grid\" data-initial-loading-animation=\"zoomIn\" data-vc-grid-settings=\"{&quot;page_id&quot;:57,&quot;style&quot;:&quot;all-masonry&quot;,&quot;action&quot;:&quot;vc_get_vc_grid_data&quot;,&quot;shortcode_id&quot;:&quot;1623939878663-c7edb14c-527d-9&quot;,&quot;tag&quot;:&quot;vc_masonry_media_grid&quot;}\" data-vc-request=\"https:\/\/www.strandhotelmoewe.de\/wp-admin\/admin-ajax.php\" data-vc-post-id=\"57\" data-vc-public-nonce=\"f364994cda\">\n\t\t\n\t<\/div>\n<\/div><\/div><\/div><\/div><div class=\"wpb_column vc_column_container vc_col-sm-6\"><div class=\"vc_column-inner\"><div class=\"wpb_wrapper\"><div class=\"vc_empty_space\"   style=\"height: 32px\"><span class=\"vc_empty_space_inner\"><\/span><\/div><div class=\"vc_empty_space\"   style=\"height: 32px\"><span class=\"vc_empty_space_inner\"><\/span><\/div><div class=\"vc_btn3-container vc_btn3-center\" ><a class=\"vc_general vc_btn3 vc_btn3-size-lg vc_btn3-shape-square vc_btn3-style-modern vc_btn3-icon-left vc_btn3-color-juicy-pink\" href=\"https:\/\/onepagebooking.com\/hotelmoewe\" title=\"\"><i class=\"vc_btn3-icon fa fa-calendar\"><\/i> Zarezerwuj wakacje...<\/a><\/div><div class=\"vc_empty_space\"   style=\"height: 32px\"><span class=\"vc_empty_space_inner\"><\/span><\/div><div class=\"vc_btn3-container vc_btn3-center\" ><a class=\"vc_general vc_btn3 vc_btn3-size-lg vc_btn3-shape-square vc_btn3-style-modern vc_btn3-icon-left vc_btn3-color-juicy-pink\" href=\"https:\/\/www.strandhotelmoewe.de\/pl\/preise\/\" title=\"\"><i class=\"vc_btn3-icon fa fa-money\"><\/i> Tutaj mo\u017cna znale\u017a\u0107 nasze ceny<\/a><\/div><\/div><\/div><\/div><\/div><\/div><\/div><\/div><\/div>\n<\/div>","protected":false},"excerpt":{"rendered":"<p>Das Hotel Unser gem\u00fctliches Haus ist ca. 20 Meter vom traumhaften Strand entfernt. Es sind nur wenige Gehminuten zur Seebr\u00fccke Seebad Bansin\u00a0und zum Ortskern. Das liebevoll restaurierte Villengeb\u00e4ude in famili\u00e4rer Atmosph\u00e4re wurde 1997 als komfortables Hotel Garni er\u00f6ffnet. Mit Rezeption, Speiseraum f\u00fcr unser reichhaltiges, t\u00e4glich frisches Fr\u00fchst\u00fccksbuffet, sowie einem Wellness-Bereich mit hauseigener Sauna. Urlaub buchen&#8230;&hellip;<\/p>","protected":false},"author":1,"featured_media":0,"parent":0,"menu_order":0,"comment_status":"closed","ping_status":"closed","template":"","meta":{"footnotes":""},"class_list":["post-57","page","type-page","status-publish","hentry","description-off"],"_links":{"self":[{"href":"https:\/\/www.strandhotelmoewe.de\/pl\/wp-json\/wp\/v2\/pages\/57","targetHints":{"allow":["GET"]}}],"collection":[{"href":"https:\/\/www.strandhotelmoewe.de\/pl\/wp-json\/wp\/v2\/pages"}],"about":[{"href":"https:\/\/www.strandhotelmoewe.de\/pl\/wp-json\/wp\/v2\/types\/page"}],"author":[{"embeddable":true,"href":"https:\/\/www.strandhotelmoewe.de\/pl\/wp-json\/wp\/v2\/users\/1"}],"replies":[{"embeddable":true,"href":"https:\/\/www.strandhotelmoewe.de\/pl\/wp-json\/wp\/v2\/comments?post=57"}],"version-history":[{"count":0,"href":"https:\/\/www.strandhotelmoewe.de\/pl\/wp-json\/wp\/v2\/pages\/57\/revisions"}],"wp:attachment":[{"href":"https:\/\/www.strandhotelmoewe.de\/pl\/wp-json\/wp\/v2\/media?parent=57"}],"curies":[{"name":"wp","href":"https:\/\/api.w.org\/{rel}","templated":true}]}}